{"id":320,"date":"2011-12-30T20:20:34","date_gmt":"2011-12-30T19:20:34","guid":{"rendered":"http:\/\/fulviocortese.it\/?page_id=320"},"modified":"2026-04-02T19:43:27","modified_gmt":"2026-04-02T18:43:27","slug":"autoscatto","status":"publish","type":"page","link":"http:\/\/fulviocortese.it\/?page_id=320","title":{"rendered":"Autoscatto"},"content":{"rendered":"<p><strong><a href=\"http:\/\/fulviocortese.it\/wp-content\/uploads\/2019\/02\/image1.jpeg\"><img loading=\"lazy\" decoding=\"async\" class=\"alignleft size-medium wp-image-7079\" src=\"http:\/\/fulviocortese.it\/wp-content\/uploads\/2019\/02\/image1-221x300.jpeg\" alt=\"\" width=\"221\" height=\"300\" srcset=\"http:\/\/fulviocortese.it\/wp-content\/uploads\/2019\/02\/image1-221x300.jpeg 221w, http:\/\/fulviocortese.it\/wp-content\/uploads\/2019\/02\/image1-768x1044.jpeg 768w, http:\/\/fulviocortese.it\/wp-content\/uploads\/2019\/02\/image1-754x1024.jpeg 754w, http:\/\/fulviocortese.it\/wp-content\/uploads\/2019\/02\/image1.jpeg 942w\" sizes=\"auto, (max-width: 221px) 100vw, 221px\" \/><\/a>Fulvio Cortese<\/strong> \u00e8 professore ordinario di Diritto costituzionale e pubblico presso il Dipartimento di Giurisprudenza dell\u2019Universit\u00e0 di Modena e Reggio Emilia.<\/p>\n<p>Ha insegnato Diritto amministrativo, Diritto processuale amministrativo, Istituzioni di diritto pubblico presso la Facolt\u00e0 di Giurisprudenza dell&#8217;Universit\u00e0 di Trento, della quale \u00e8 stato preside e <span style=\"font-size: revert;\">direttore del Master in Diritto e Politiche delle Migrazioni.<\/span><\/p>\n<p>\u00c8 presidente dell\u2019Opera Universitaria di Trento.<\/p>\n<p>\u00c8 rappresentante dei professori ordinari dell&#8217;Area 12 (Scienze giuridiche) nel Consiglio Universitario Nazionale, di cui \u00e8 Vice Presidente.<\/p>\n<p>\u00c8 membro del Gruppo europeo di diritto pubblico, della Societas Iuris Publici Europaei e dell&#8217;International Society of Public Law; \u00e8 socio di Labsus-Laboratorio sulla sussidiariet\u00e0, dell\u2019Associazione Euroregionale di Diritto Pubblico Comparato ed Europeo, dell&#8217;Associazione Italiana Diritto e Letteratura, dell&#8217;ASGI-Associazione per gli Studi Giuridici sull&#8217;Immigrazione; \u00e8 membro del Gruppo San Martino. Partecipa all&#8217;Osservatorio di diritto comunitario e nazionale sugli appalti pubblici. \u00c8 membro del comitato scientifico del <a href=\"http:\/\/www.centrotrentin.it\/\">Centro Documentazione e Ricerca<\/a> Silvio, Beppa, Giorgio, Franca, Bruno Trentin (presso l&#8217;Iveser, Casa della Memoria e della Storia, Venezia).<\/p>\n<p>\u00c8 socio corrispondente residente dell&#8217;<a href=\"https:\/\/www.istitutoveneto.it\/flex\/cm\/pages\/ServeBLOB.php\/L\/IT\/IDPagina\/1933\">Istituto Veneto di Scienze Lettere ed Arti<\/a>.<\/p>\n<p>\u00c8 Autore delle monografie <a href=\"http:\/\/www.jus.unitn.it\/dsg\/pubblicazioni\/collana\/cortese\/home.html\"><em>La questione della pregiudizialit\u00e0 amministrativa. Il risarcimento del danno da provvedimento amministrativo tra diritto sostanziale e diritto processuale<\/em><\/a> (Padova, 2007) e <a href=\"http:\/\/www.unitn.it\/dsg\/20985\/altre-pubblicazioni-degli-afferenti-al-dipartimento-di-scienze-giuridiche#a13\"><em>Il coordinamento amministrativo. Dinamiche e interpretazioni<\/em> <\/a>(Milano, 2012), nonch\u00e9 del testo <a href=\"http:\/\/www.jus.unitn.it\/dsg\/pubblicazioni\/altre\/cortese\/home.html\"><em>Libert\u00e0 individuale e organizzazione pubblica in Silvio Trentin<\/em><\/a> (Milano, 2008) e del saggio <a href=\"https:\/\/mucchieditore.it\/prodotto\/lidentita-furiosa-e-il-diritto-pubblico\/\"><em>L&#8217;identit\u00e0 furiosa e il diritto pubblico<\/em><\/a> (Modena, 2023)<\/p>\n<p>\u00c8 curatore dei volumi <a href=\"http:\/\/www.jus.unitn.it\/dsg\/pubblicazioni\/quaderni\/borgonovo\/home.html\"><em>Un diritto per la scuola<\/em><\/a> (con D. Borgonovo Re; Trento, 2004), <a href=\"http:\/\/www.jus.unitn.it\/dsg\/pubblicazioni\/collana\/carta_cortese\/home.html\"><em>Ordine giuridico e ordine politico<\/em><\/a> (con P. Carta; Padova, 2008), <a href=\"http:\/\/www.edizioniets.com\/Scheda.asp?N=9788846728111\"><em>Finanza, mercati, investitori<\/em><\/a> (con F. Sartori; Pisa, 2011), <a href=\"http:\/\/www.unitn.it\/files\/download\/14446\/collana_94_indice.pdf\"><em>Per governare insieme: il federalismo come metodo. Verso nuove forme della democrazia<\/em><\/a> (con G. Arena; Padova, 2011), <a href=\"http:\/\/www.unitn.it\/dsg\/14215\/collana-del-dipartimento-di-scienze-giuridiche#a8\"><em>L&#8217;acqua e il diritto<\/em><\/a> (con G. Santucci e A. Simonati; Trento, 2011), <a href=\"http:\/\/www.giappichelli.it\/home\/978-88-348-2745-1,3482745.asp1\"><em>Diritti inviolabili, doveri di solidariet\u00e0 e principio di eguaglianza. Un&#8217;introduzione<\/em><\/a>(con D. Florenzano e D. Borgonovo Re; Torino, 2012), l&#8217;e-book <a href=\"http:\/\/www.giappichelli.it\/home\/978-88-348-3588-3,3483588.asp1\"><em>Giudice amministrativo e diritti costituzionali<\/em><\/a> (con P. Bonetti, A. Cassatella, A. Deffenu, A. Guazzarotti; Torino, 2012), <em><a href=\"http:\/\/www.unitn.it\/files\/download\/27562\/collana_110_indice.pdf\">La regolamentazione della produzione di energie rinnovabili nella prospettiva dello sviluppo sostenibile<\/a><\/em> (con F. Guella e G. Postal; Padova, 2013), <em><a href=\"http:\/\/www.editorialescientifica.com\/index.php?option=com_mtree&amp;task=viewlink&amp;link_id=845\">Tra amministrazione e scuola. Snodi e crocevia del diritto scolastico italiano<\/a><\/em> Napoli, 2014), <a href=\"http:\/\/www.editorialescientifica.com\/index.php?option=com_mtree&amp;task=viewlink&amp;link_id=885\"><em>Dallo status di cittadino ai diritti di cittadinanza<\/em><\/a> (con G. Santucci e A. Simonati; Napoli, 2014), <a href=\"http:\/\/www.aracneeditrice.it\/aracneweb\/index.php\/pubblicazione.html?item=9788854872943\"><em>Spazio della tecnica e spazio del potere nella tutela dei diritti sociali<\/em><\/a> (con P. Bonetti, A. Cardone, A. Cassatella, A. Deffenu, A. Guazzarotti; Aracne, 2014),\u00a0<a href=\"http:\/\/www.fupress.com\/catalogo\/resistenza-e-diritto-pubblico\/3109\"><em>Resistenza e diritto pubblico<\/em><\/a> (Firenze, 2016), <a href=\"http:\/\/www.fupress.com\/catalogo\/liberare-e-federare\/3108\"><em>Liberare e federare. L&#8217;eredit\u00e0 intellettuale di Silvio Trentin<\/em><\/a> (Firenze, 2016), <a href=\"https:\/\/iris.unitn.it\/handle\/11572\/163651#.WFakpRvhDIW\"><em>Le definizioni nel diritto<\/em><\/a> (con M. Tomasi; Napoli, 2016), <a href=\"https:\/\/iris.unitn.it\/retrieve\/handle\/11572\/181252\/145291\/COLLANA%20QUADERNI%20VOLUME%2030.pdf\"><em>Il diritto in migrazione. Studi sull&#8217;integrazione giuridica dei migranti<\/em><\/a> (con G. Pelacani; Napoli, 2017), <a href=\"https:\/\/www.francoangeli.it\/Ricerca\/Scheda_Libro.aspx?ID=25061\"><em>Immaginare la Repubblica. Mito e attualit\u00e0 dell&#8217;Assemblea costituent<\/em>e<\/a> (con C. Caruso e S. Rossi; Milano, 2018),\u00a0<a href=\"https:\/\/www.routledge.com\/The-EU-Social-Market-Economy-and-the-Law-Theoretical-Perspectives-and\/Ferri-Cortese\/p\/book\/9781138478480\"><em>The EU Social Market Economy and the Law: Theoretical Perspectives and Practical Challenges for the EU<\/em><\/a> (Routledge Research in EU Law) (con D. Ferri, Abingdon, 2019), <a href=\"https:\/\/www.francoangeli.it\/Ricerca\/scheda_libro.aspx?Id=26653\"><em>Alla ricerca del metodo nel diritto pubblico. Vittorio Emanuele Orlando reloaded<\/em><\/a> (con C. Caruso e S. Rossi; Milano, 2020), <a href=\"https:\/\/www.francoangeli.it\/Libro\/Autonomie-speciali-e-regionalismo-italiano-Un-bilancio?Id=28600\"><em>Autonomie speciali e regionalismo italiano. Un bilancio <\/em><\/a>(con J. Woelk; Milano, 2023), <em><a href=\"https:\/\/www.francoangeli.it\/Libro\/L'intervento-pubblico-in-economia-in-tempi-di-crisi?Id=29907\">L\u2019intervento pubblico in economia in tempi di crisi<\/a><\/em> (con F. Di Lascio, I. Martin Delgado; Milano, 2025), <a href=\"https:\/\/www.francoangeli.it\/Libro\/L%27intervento-pubblico-nell%27economia-come-strumento-di-sicurezza-e-di-sviluppo?Id=30246\"><em>L\u2019intervento pubblico in economia come strumento di sicurezza e di sviluppo<\/em><\/a> (con F. Dalla Balla; Milano, 2026).<\/p>\n<p>Con Enrico Carloni \u00e8 autore e curatore del manuale <a href=\"https:\/\/shop.wki.it\/libri\/diritto-delle-autonomie-territoriali-s735594\/\"><i>Diritto delle autonomie territoriali<\/i><\/a> (Padova, 2020; II ed. 2024), ed \u00e8 anche autore di un <a href=\"https:\/\/www.mondadorieducation.it\/catalogo\/corso-di-diritto-processuale-amministrativo-0072404\/\"><em>Corso di diritto processuale amministrativo<\/em><\/a> (Firenze, 2021; II ed. 2023). Con Andrea Cardone e Andrea Deffenu \u00e8 autore del manuale <a href=\"https:\/\/www.giappichelli.it\/istituzioni-di-diritto-pubblico-9791221105957?srsltid=AfmBOoqwjhie3jUtCaEBsC4UqAS7JGcFsKKoAufliAOps769HYQbnQtO\"><em>Istituzioni di diritto pubblico<\/em><\/a> (Torino, 2024; II ed. 2025).<\/p>\n<p>Con Giandomenico Falcon e Barbara Marchetti ha diretto il <a href=\"https:\/\/shop.wki.it\/codici\/commentario-breve-al-codice-del-processo-amministrativo-s741436\/\"><i>Commentario breve al codice del processo amministrativo<\/i><\/a> (Padova, 2021).<\/p>\n<p>Ha curato la traduzione e l&#8217;edizione italiana del libro di A. Nieto, Cr\u00edtica de la Raz\u00f3n Jur\u00eddica, Madrid, 2007 (<a href=\"http:\/\/www.francoangeli.it\/Ricerca\/Scheda_libro.aspx?ID=20080&amp;Tipo=Libro&amp;titolo=Critica+della+ragion+giuridica++\"><em>Critica della ragion giuridica<\/em><\/a>, Milano, 2012, con Postfazione di F. Cortese e Postilla di P. Sommaggio), nonch\u00e9 l&#8217;edizione italiana del saggio di E. Kaufmann, Verwaltung und Verwaltungsrecht (1914) &#8211; <em><a href=\"http:\/\/www.editorialescientifica.com\/index.php?option=com_mtree&amp;task=viewlink&amp;link_id=810\">Amministrazione e diritto amministrativo<\/a><\/em><!-- [if gte mso 9]><xml>\n<w:WordDocument>\n<w:View>Normal<\/w:View>\n<w:Zoom>0<\/w:Zoom>\n<w:HyphenationZone>14<\/w:HyphenationZone>\n<w:Compatibility>\n<w:BreakWrappedTables\/>\n<w:SnapToGridInCell\/>\n<w:WrapTextWithPunct\/>\n<w:UseAsianBreakRules\/>\n<\/w:Compatibility>\n<w:BrowserLevel>MicrosoftInternetExplorer4<\/w:BrowserLevel>\n<\/w:WordDocument>\n<\/xml><![endif]--><!-- [if gte mso 10]>\n\n\n\n<style>\n \/* Style Definitions *\/<br \/>table.MsoNormalTable<br \/>{mso-style-name:\"Tabella normale\";<br \/>mso-tstyle-rowband-size:0;<br \/>mso-tstyle-colband-size:0;<br \/>mso-style-noshow:yes;<br \/>mso-style-parent:\"\";<br \/>mso-padding-alt:0cm 5.4pt 0cm 5.4pt;<br \/>mso-para-margin:0cm;<br \/>mso-para-margin-bottom:.0001pt;<br \/>mso-pagination:widow-orphan;<br \/>font-size:10.0pt;<br \/>font-family:\"Times New Roman\";}<br \/><\/style>\n\n\n\n<![endif]--> (con A. Sandri; Napoli, 2013) e del saggio di <span lang=\"EN-GB\" style=\"mso-ansi-language: EN-GB;\">M. Mautner, Law and the Culture of Israel (2011) \u2013 <a href=\"http:\/\/www.francoangeli.it\/ricerca\/Scheda_libro.aspx?ID=21935&amp;Tipo=Libro&amp;strRicercaTesto=&amp;titolo=diritto+e+cultura+in+israele++\"><i>Diritto e cultura in Israele <\/i><\/a>(con D. Bifulco; Milano, 2014). Con A. Rapini ha curato la raccolta di scritti di L. Rava, <\/span><a href=\"https:\/\/ronzanieditore.it\/acquista\/un-pensiero-per-lo-stato\/\"><em>Un pensiero per lo Stato. Antologia di un riformatore<\/em><\/a>, Vicenza (Ronzani), 2022. Con L. Garofalo ha curato il volume di F. Benvenuti, <a href=\"https:\/\/www.pacinieditore.it\/prodotto\/venezia-arte-storia-diritto\/\"><em>Venezia. Arte, Storia, Diritto<\/em><\/a>, Pisa (Pacini), 2024.<\/p>\n<p>\u00c8 anche curatore del volume<em> <a href=\"http:\/\/www.francoangeli.it\/Ricerca\/Scheda_libro.aspx?ID=16649\">Il crimine dei crimini. Stermini di massa nel Novecento<\/a><\/em> (con F. Berti; Milano, 2008), (sempre con F. Berti) della prima edizione italiana del testo di H. Morgenthau, <a href=\"http:\/\/www.guerini.it\/schedaLibro.asp?id=1924\"><em>Diario 1913-1916. Le memorie dell\u2019ambasciatore americano a Costantinopoli negli anni dello sterminio degli armeni<\/em><\/a> (Milano, 2010), nonch\u00e9 (sempre con F. Berti) dell&#8217;antologia <a href=\"http:\/\/www.giuntina.it\/Schulim_Vogelmann_1\/Pro_Armenia_619.html\"><em>Pro Armenia. Voci ebraiche sul genocidio armeno<\/em><\/a>, con prefazione di A. Arslan (Firenze, 2015). \u00c8 autore, per la collana \u201cI grandi processi della storia\u201d del Corriere della sera, del volume<em> <a href=\"https:\/\/store.corriere.it\/Soghomon-Tehlirian\/xu6sEWcVrEkAAAFt5xcvJRqW\/pc?CatalogCategoryID=_dCsEWcVoacAAAFp9b1OT5Tv\">Soghomon Tehlirian. Lo sterminio armeno a giudizio<\/a><\/em> (Milano, 2019).<\/p>\n<p>\u00c8 altres\u00ec <a href=\"http:\/\/unitn.academia.edu\/FCortese\">autore<\/a> di articoli in materia di giustizia amministrativa, diritto scolastico, diritto regionale e locale, diritto amministrativo europeo. Si interessa anche di: federalismo; storia del diritto pubblico; memoria e diritto.<\/p>\n<p>Fa parte della redazione de\u00a0<em>laCostituzione.info<\/em>.<\/p>\n<p>\u00c8 direttore responsabile della Rivista online <a href=\"https:\/\/teseo.unitn.it\/adp\"><em>Antologia di Diritto Pubblico<\/em><\/a> ed \u00e8 condirettore (con Giuseppe Piperata e Lorenzo Saltari) di <em>Munus- Rivista giuridica dei servizi pubblici<\/em> (Editoriale Scientifica).<\/p>\n<p>\u00c8\u00a0membro del consiglio direttivo della Rivista <em>Le Regioni<\/em> (ilMulino),\u00a0del comitato scientifico della <em><a href=\"http:\/\/www.dirittobancario.it\/rivista\">Rivista di diritto bancario<\/a><\/em>, dell&#8217;advisory board di\u00a0<em>P\u00f3lemos-Journal of Law, Literature and Culture<\/em> (De Gruyter), del comitato direttivo di\u00a0<em>Munus-Rivista giuridica dei servizi pubblici <\/em>(Editoriale Scientifica) e del consiglio di direzione di <em>Diritto costituzionale. Rivista quadrimestrale<\/em> (Franco Angeli). Fa parte del comitato internazionale di referaggio della Rivista online \u201cP.A. &#8211; Persona e Amministrazione\u201d e del comitato scientifico della rivista <em>JUS<\/em> (Vita&amp;Pensiero), della rivista <em>Giustizia consensuale<\/em> (Editoriale scientifica), della rivista <em>Lo Stato<\/em> (Mucchi), di <em>Aedon-Rivista di arti e diritto online<\/em> (il Mulino), di <em>EQUAL-Rivista di diritto antidiscriminatorio <\/em>(Pacini). Fa parte anche del Comitato di Valutazione Scientifica della <em>Rivista di Diritto Sportivo<\/em> (Giappichelli).<\/p>\n<p>Dirige, con Matteo Cosulich e Massimo Rubechi, l\u2019Osservatorio sul Diritto elettorale, attivo presso il portale della Rivista Federalismi.it.<\/p>\n<p>\u00c8 direttore (con Roberto Bin e Aldo Sandulli) della collana <a href=\"http:\/\/www.francoangeli.it\/Ricerca\/Ricerca_collana.asp?CollanaID=1590\"><em>Studi di diritto pubblico<\/em><\/a> di Franco Angeli e fa parte del comitato scientifico della collana <a href=\"http:\/\/www.herrenhaus.it\/collana4.html\"><em>Jus Publicum<\/em><\/a> dell&#8217;Editore Herrenhaus. \u00c8 condirettore (con Lorenzo Casini, Giuseppe Piperata, Simone Torricelli, Sara Valaguzza) della Collana <a href=\"https:\/\/www.editorialescientifica.com\/shop\/catalogo\/collane-di-diritto\/geografie-del-diritto-amministrativo.html\"><em>Geografie del diritto amministrativo<\/em><\/a> di Editoriale Scientifica.<\/p>\n<p>Si occupa anche di divulgazione dei principi basilari della cultura giuridica e del diritto pubblico. In quest&#8217;ambito cura, dal 2003 la rubrica &#8220;Dal diritto ai diritti&#8221; del periodico <a href=\"http:\/\/www.macondo.it\/sezione\/strumenti\/madrugada\/\"><em>Madrugada<\/em><\/a>, organo dell&#8217;associazione Macondo. Una selezione di questi contributi \u00e8 ora raccolta nel volume <a href=\"http:\/\/www.libroco.it\/cgi-bin\/dettaglio.cgi\/codiceweb=165942459225985\/8896136172\/Dal-diritto-ai-diritti--Perche-dobbiamo-interessarci-alla-cosa-pubblica\/\/Attiliofraccaroeditore.html\"><em>Dal diritto ai diritti. Perch\u00e9 dobbiamo interessarci alla cosa pubblica<\/em><\/a> (Bassano del Grappa, 2011).<\/p>\n<p>&#8212;&#8212;&#8212;&#8212;&#8212;&#8212;&#8212;&#8212;&#8212;&#8212;&#8212;&#8212;&#8212;&#8212;-<\/p>\n<p>Fulvio Cortese is Full Professor of Constitutional and Public Law at the Law Department, University of Modena-Reggio Emilia.<\/p>\n<p>He served as Dean of the Trento\u2019s Faculty of Law and as <span style=\"font-size: revert;\">Director of the Master in Migration Law &amp; Policies.<\/span><\/p>\n<p>He is President of the Opera Universitaria of Trento.<\/p>\n<p>He represents law professors on the National University Council, of which he is vice-president.<\/p>\n<p>He teaches Institutions of Public Law and Administrative Law at the Law School of the University of Trento; is member of the European Group of Public Law, of the Societas Iuris Publici Europaei, of the International Society of Public Law, of Labsus-Laboratorio sulla sussidiariet\u00e0 [Laboratory of Subsidiarity], of the Euroregional Association of Comparative and European Public Law (www.jus-euroregionale.org), of Associazione Italiana Diritto e Letteratura [Italian Association of Law and Literature] (www.aidel.it), of ASGI (www.asgi.it) and of Gruppo San Martino (www.grupposanmartino.it). He participates to the Osservatorio di diritto comunitario e nazionale sugli appalti pubblici [European and national law on public procurements Observatory] (www.osservatorioappalti.unitn.it). He is member of scientific committee of Centro Documentazione e Ricerca Silvio, Beppa, Giorgio, Franca, Bruno Trentin [The Trentin Family Research Center in Venice].<\/p>\n<p>He is a resident correspondent member of the Istituto Veneto di Scienze Lettere ed Arti.<\/p>\n<p>He is author of the monographs <em>La questione della pregiudizialit\u00e0 amministrativa. Il risarcimento del danno da provvedimento amministrativo tra diritto sostanziale e diritto processuale<\/em> (Padova, 2007) and <em>Il coordinamento amministrativo. Dinamiche e interpretazioni<\/em> (Milano, 2012), and of the books <em>Libert\u00e0 individuale e organizzazione pubblica in Silvio Trentin<\/em> (Milano, 2008) and <em>L&#8217;identit\u00e0 furiosa e il diritto pubblico<\/em> (Modena, 2023).<\/p>\n<p>He is editor of the following books: <em>Un diritto per la scuola<\/em> (with D. Borgonovo Re; Trento, 2004), <em>Ordine giuridico e ordine politico<\/em> (with P. Carta; Padova, 2008), <em>Finanza, mercati, investitori<\/em> (with F. Sartori; Pisa, 2011), <em>Per governare insieme: il federalismo come metodo. Verso nuove forme della democrazia<\/em> (with G. Arena; Padova, 2011), <em>L\u2019acqua e il diritto<\/em> (with G. Santucci and A. Simonati; Trento, 2011), <em>Diritti inviolabili, doveri di solidariet\u00e0 e principio di eguaglianza. Un&#8217;introduzione<\/em> (with D. Florenzano and D. Borgonovo Re; Torino, 2012), the e-book\u00a0<em>Giudice amministrativo e diritti costituzionali<\/em> (with P. Bonetti, A. Cassatella, A. Deffenu, A. Guazzarotti; Torino, 2012), <em>La regolamentazione della produzione di energie rinnovabili nella prospettiva dello sviluppo sostenibile<\/em> (with F. Guella and G. Postal; Padova, 2013), <em>Tra amministrazione e scuola. Snodi e crocevia del diritto scolastico italiano<\/em> (Napoli, 2014), <em>Dallo status di cittadino ai diritti di cittadinanza<\/em> (with G. Santucci and A. Simonati; Napoli, 2014), <em>Spazio della tecnica e spazio del potere nella tutela dei diritti sociali<\/em> (with P. Bonetti, A. Cardone, A. Cassatella, A. Deffenu, A. Guazzarotti; Aracne, 2014),\u00a0<em>Resistenza e diritto pubblico<\/em> (Firenze, 2016), <em>Liberare e federare. L&#8217;eredit\u00e0 intellettuale di Silvio Trentin<\/em> (Firenze, 2016), <em>Le definizioni nel diritto<\/em> (with M. Tomasi; Napoli, 2016), <em>Il diritto in migrazione. Studi sull&#8217;integrazione giuridica dei migranti<\/em> (with G. Pelacani; Napoli, 2017), <em>Immaginare la Repubblica. Mito e attualit\u00e0 dell&#8217;Assemblea costituent<\/em>e (with C. Caruso and S. Rossi; Milano, 2018), <em>The EU Social Market Economy and the Law: Theoretical Perspectives and Practical Challenges for the EU<\/em> (Routledge Research in EU Law) (with D. Ferri, Abingdon, 2019), <em>Alla ricerca del metodo nel diritto pubblico. Vittorio Emanuele Orlando reloaded<\/em> (with C. Caruso, S. Rossi; Milano, 2020), <em>Autonomie speciali e regionalismo italiano. Un bilancio<\/em> (with J. Woelk; Milano, 2023), <em>L\u2019intervento pubblico in economia in tempi di crisi<\/em> (with F. Di Lascio, I. Martin Delgado; Milano, 2025), <em>L\u2019intervento pubblico nell\u2019economia come strumento di sicurezza e di sviluppo<\/em> (with F. Dalla Balla; Milano, 2026).<\/p>\n<p>He translated from Spanish to Italian the book of A. Nieto, Cr\u00edtica de la Raz\u00f3n Jur\u00eddica, Madrid, 2007 (<em>Critica della ragion giuridica<\/em>, Milano, 2012) and he is the editor of the first italian edition of the essay of E. Kaufmann, Verwaltung und Verwaltungsrecht (1914) &#8211; <em>Amministrazione e diritto amministrativo<\/em><!-- [if gte mso 9]><xml>\n<w:WordDocument>\n<w:View>Normal<\/w:View>\n<w:Zoom>0<\/w:Zoom>\n<w:HyphenationZone>14<\/w:HyphenationZone>\n<w:Compatibility>\n<w:BreakWrappedTables\/>\n<w:SnapToGridInCell\/>\n<w:WrapTextWithPunct\/>\n<w:UseAsianBreakRules\/>\n<\/w:Compatibility>\n<w:BrowserLevel>MicrosoftInternetExplorer4<\/w:BrowserLevel>\n<\/w:WordDocument>\n<\/xml><![endif]--><!-- [if gte mso 10]>\n\n\n\n<style>\n \/* Style Definitions *\/<br \/>table.MsoNormalTable<br \/>{mso-style-name:\"Tabella normale\";<br \/>mso-tstyle-rowband-size:0;<br \/>mso-tstyle-colband-size:0;<br \/>mso-style-noshow:yes;<br \/>mso-style-parent:\"\";<br \/>mso-padding-alt:0cm 5.4pt 0cm 5.4pt;<br \/>mso-para-margin:0cm;<br \/>mso-para-margin-bottom:.0001pt;<br \/>mso-pagination:widow-orphan;<br \/>font-size:10.0pt;<br \/>font-family:\"Times New Roman\";}<br \/><\/style>\n\n\n\n<![endif]--> (with A. Sandri; Napoli, 2013) <span lang=\"EN-GB\" style=\"mso-ansi-language: EN-GB;\">and of the book of M. Mautner, Law and the Culture of Israel (2011) \u2013 <i>Diritto e cultura in Israele <\/i>(with D. Bifulco; Milano, 2014). With A. Rapini he has edited the collection of writings by L. Rava, <em>Un pensiero per lo Stato. Antologia di un riformatore<\/em> (Vicenza, 2023). With L. Garofalo he has also edited the book of F. Benvenuti, <em>Venezia. Arte, Storia, Diritto<\/em>, Pisa (Pacini), 2024.<br \/>\n<\/span><\/p>\n<p>He is editor of the textbooks: (with A. Cardone; A. Deffenu) <em>Istituzioni di diritto pubblico<\/em> (Torino, 2024; II ed. 2025), <em>Corso di diritto processuale amministrativo<\/em> (Firenze, 2021; II ed. 2023) and (with E. Carloni) <i>Diritto delle autonomie territoriali<\/i> (Padova, 2020; II ed. 2024).<\/p>\n<p>He is director (with Giandomenico Falcon and Barbara Marchetti) of <i>Commentario breve al codice del processo amministrativo<\/i> (Padova, 2021).<\/p>\n<p>He is also editor of the volume <em>Il crimine dei crimini. Stermini di massa nel Novecento<\/em> (with F. Berti; Milano, 2008) and (with F. Berti) is editor of the first Italian edition of the text by H. Morgenthau, <em>Diario 1913-1916. <\/em><em>Le memorie dell\u2019ambasciatore americano a Costantinopoli negli anni dello sterminio degli armeni<\/em> (Milano, 2010). Recently, he is editor (with F. Berti) of the collection <em>Pro Armenia. Voci ebraiche sul genocidio armeno<\/em>, with foreword of A. Arslan (Firenze, 2015). He is author of the volume <i>Soghomon Tehlirian. Lo sterminio armeno a giudizio<\/i> (Milano, 2020).<\/p>\n<p>He has also written a series of articles on administrative justice, school law, regional and local law, European administrative law. His fields of interests are also federalism, history of public law, memory and the law.<\/p>\n<p>He is part of the editorial staff of the following journals:<i>\u00a0laCostituzione.info.<\/i><\/p>\n<p>He is director of <em>Antologia di Diritto Pubblico<\/em> online review and (with Giuseppe Piperata and Lorenzo Saltari) of <em>Munus- Rivista giuridica dei servizi pubblici<\/em> (Editoriale Scientifica).<\/p>\n<p>He is part of the executive committee of the following scientific reviews: <em>Le Regioni<\/em> (ilMulino);\u00a0<em><a href=\"http:\/\/www.dirittobancario.it\/rivista\">Rivista di diritto bancario<\/a><\/em>;\u00a0<em>Munus-Rivista giuridica dei servizi pubblici <\/em>(Editoriale Scientifica); <em>Diritto costituzionale. Rivista quadrimestrale<\/em> (Franco Angeli). He is part of the advisory board of\u00a0<em>P\u00f3lemos-Journal of Law, Literature and Culture<\/em> (De Gruyter) and of the international scientific committee of the online review \u201cP.A. &#8211; Persona e Amministrazione\u201d and of the scientific committee of <em>JUS<\/em> (Vita&amp;Pensiero), <em>Giustizia consensuale<\/em> (Editoriale scientifica), <em>Lo Stato<\/em> (Mucchi), <em>Aedon-Rivista di arti e diritto online<\/em> (il Mulino), <em>EQUAL-Rivista di diritto antidiscriminatorio <\/em>(Pacini). He is also part of the Scientific Evaluation Committee of <em>Rivista di Diritto Sportivo<\/em> (Giappichelli).<\/p>\n<p><span class=\"HwtZe\" lang=\"en\"><span class=\"jCAhz ChMk0b\"><span class=\"ryNqvb\">He is coordinator (with Matteo Cosulich and Massimo Rubechi) of the Observatory on Electoral Law, active on the online portal of the magazine Federalismi.it.<\/span><\/span><\/span><\/p>\n<p>He is director (with Roberto Bin and Aldo Sandulli) of the &#8220;Studi di diritto pubblico&#8221; Collection (Ed. Franco Angeli) and member of the scientific committee of the &#8220;Jus Publicum&#8221; Collection (Ed. Herrenhaus). He is director (with Lorenzo Casini, Giuseppe Piperata, Simone Torricelli and Sara Valaguzza) of the &#8220;Geografie del diritto amministrativo&#8221; Collection (Ed. Editoriale Scientifica).<\/p>\n<p>He is also involved in popularization of the basic principles of legal culture and public law. In this context he is responsible for the column \u201cDal diritto ai diritti\u201d in the periodical <em>Madrugada<\/em>, by the Association <em>Macondo<\/em>. A selection of his contributions in this magazine have been published in the book <em>Dal diritto ai diritti. <\/em><em>Perch\u00e9 dobbiamo interessarci alla cosa pubblica<\/em> (Bassano del Grappa, 2011).<\/p>\n","protected":false},"excerpt":{"rendered":"<p>Fulvio Cortese \u00e8 professore ordinario di Diritto costituzionale e pubblico presso il Dipartimento di Giurisprudenza dell\u2019Universit\u00e0 di Modena e Reggio Emilia. Ha insegnato Diritto amministrativo, Diritto processuale amministrativo, Istituzioni di diritto pubblico presso la Facolt\u00e0 di Giurisprudenza dell&#8217;Universit\u00e0 di Trento, della quale \u00e8 stato preside e direttore del Master in Diritto e Politiche delle Migrazioni. <a href='http:\/\/fulviocortese.it\/?page_id=320'>[&#8230;]<\/a><\/p>\n","protected":false},"author":1,"featured_media":0,"parent":0,"menu_order":0,"comment_status":"closed","ping_status":"open","template":"","meta":{"footnotes":""},"class_list":["post-320","page","type-page","status-publish","hentry","post-seq-1","post-parity-odd","full-content"],"_links":{"self":[{"href":"http:\/\/fulviocortese.it\/index.php?rest_route=\/wp\/v2\/pages\/320","targetHints":{"allow":["GET"]}}],"collection":[{"href":"http:\/\/fulviocortese.it\/index.php?rest_route=\/wp\/v2\/pages"}],"about":[{"href":"http:\/\/fulviocortese.it\/index.php?rest_route=\/wp\/v2\/types\/page"}],"author":[{"embeddable":true,"href":"http:\/\/fulviocortese.it\/index.php?rest_route=\/wp\/v2\/users\/1"}],"replies":[{"embeddable":true,"href":"http:\/\/fulviocortese.it\/index.php?rest_route=%2Fwp%2Fv2%2Fcomments&post=320"}],"version-history":[{"count":131,"href":"http:\/\/fulviocortese.it\/index.php?rest_route=\/wp\/v2\/pages\/320\/revisions"}],"predecessor-version":[{"id":10339,"href":"http:\/\/fulviocortese.it\/index.php?rest_route=\/wp\/v2\/pages\/320\/revisions\/10339"}],"wp:attachment":[{"href":"http:\/\/fulviocortese.it\/index.php?rest_route=%2Fwp%2Fv2%2Fmedia&parent=320"}],"curies":[{"name":"wp","href":"https:\/\/api.w.org\/{rel}","templated":true}]}}